{"id":35369,"date":"2021-02-12T10:47:17","date_gmt":"2021-02-12T09:47:17","guid":{"rendered":"https:\/\/bondorproducts.com\/?page_id=35369"},"modified":"2021-03-14T10:10:02","modified_gmt":"2021-03-14T09:10:02","slug":"politica-de-privadesa","status":"publish","type":"page","link":"https:\/\/bondorproducts.com\/ca\/politica-de-privadesa\/","title":{"rendered":"Pol\u00edtica de privadesa"},"content":{"rendered":"\n<p>Por medio de este sitio web WWW.BONDORPRODUCTS.COM, se recogen datos de car\u00e1cter personal necesarios para la gesti\u00f3n y mantenimiento de algunos de nuestros servicios.<\/p>\n\n\n\n<p>Le informamos que EL TITULAR DEL SITIO WEB (Responsable del tratamiento) cumple con la Ley Org\u00e1nica 3\/2018, de 5 de diciembre, de Protecci\u00f3n de Datos Personales y garant\u00eda de los derechos digitales (en adelante, LOPDGDD), el Reglamento UE 2016\/679, de Protecci\u00f3n de Datos (en adelante, RGPD) y dem\u00e1s normativa vigente y de aplicaci\u00f3n en cada momento, velando por garantizar un correcto uso y tratamiento de los datos personales del usuario.<\/p>\n\n\n\n<p>De conformidad con el art\u00edculo 13 del RGPD y art\u00edculo 11 LOPDGDD, esta Pol\u00edtica de Privacidad se aplica a los tratamientos de datos de car\u00e1cter personal que FERRAN NAVARRETE I BOMBI, realiza como Responsable del tratamiento, en relaci\u00f3n con los datos que los usuarios y\/o clientes (personas f\u00edsicas) facilitan como consecuencia de la solicitud de informaci\u00f3n y\/o contrataci\u00f3n de los servicios y\/o productos que presta y comercializa a trav\u00e9s de su web, o recabados en cualquiera de las secciones del sitio web.<\/p>\n\n\n\n<h3 class=\"wp-block-heading\"><strong>IDENTIDAD DEL RESPONSABLE DEL TRATAMIENTO DE SUS DATOS PERSONALES<\/strong>&nbsp;<\/h3>\n\n\n\n<ul class=\"wp-block-list\"><li><strong>Responsable del tratamiento<\/strong>: FERRAN NAVARRETE I BOMBI<\/li><li><strong>Domicilio<\/strong>: C\/ MASSET D\u00b4EN GRAU,17 &#8211; 08758 CERVELL\u00d3 (BARCELONA)<\/li><li><strong>CIF<\/strong>: 46063300G<\/li><li><strong>Email<\/strong>: BONDORPRODUCTS@GMAIL.COM<\/li><\/ul>\n\n\n\n<h3 class=\"wp-block-heading\"><strong>FINALIDADES DEL TRATAMIENTO DE SUS DATOS PERSONALES<\/strong><\/h3>\n\n\n\n<p>Sus datos personales se utilizar\u00e1n con la finalidad gen\u00e9rica de la gesti\u00f3n y control de la relaci\u00f3n comercial establecida y, espec\u00edficamente para:<\/p>\n\n\n\n<ul class=\"wp-block-list\"><li>Gestionar el acceso completo y la utilizaci\u00f3n correcta de los servicios y\/o productos por parte de los usuarios.<\/li><li>Para comunicar con los usuarios en respuesta a incidencias, solicitudes, comentarios y preguntas que nos realice a trav\u00e9s de los servicios y\/o productos, as\u00ed como a los formularios de contacto de nuestra p\u00e1gina web (incluidos, correos electr\u00f3nicos y\/o las llamadas telef\u00f3nicas).<\/li><li>Para proporcionar, actualizar, mantener y proteger los servicios y\/o productos y actividades.<\/li><li>Para ofrecer nuevos servicios y\/o productos, ofertas especiales o actualizaciones.<\/li><li>En su caso, gestionar procesos de selecci\u00f3n de personal en procesos selectivos de trabajadores y\/o colaboradores.<\/li><li>Comunicaciones: Podremos enviarle correos electr\u00f3nicos, mensajes y otros tipos de comunicaci\u00f3n en referencia a los servicios y\/o productos, cuestiones t\u00e9cnicas y cambios en los mismos. Estas comunicaciones se consideran parte de los servicios y\/o productos y no puede renunciar a ellas.<\/li><li>En su caso, comunicaciones Comerciales (Marketing): Podremos utilizar sus datos para contactarle, tanto por v\u00eda electr\u00f3nica como no electr\u00f3nica, para realizar encuestas, obtener su opini\u00f3n sobre el servicio prestado, y, ocasionalmente, para notificarle cambios, desarrollos importantes de los servicios y\/o productos, ofertas y\/o promociones de nuestros servicios y\/o productos o de terceras empresas relacionadas con nosotros. Estas ofertas comerciales ser\u00e1n, en todo caso, autorizadas de forma expresa y separada por el usuario que, puede revocar en cualquier momento su consentimiento a recibir estas notificaciones utilizando el mecanismo implementado al efecto en las mismas, o bien, desde las preferencias de la cuenta de cliente.<\/li><\/ul>\n\n\n\n<p>No trataremos sus datos personales para ninguna otra finalidad m\u00e1s all\u00e1 de las descritas anteriormente salvo que venga impuesto por ley o exista alg\u00fan requerimiento judicial.<\/p>\n\n\n\n<h3 class=\"wp-block-heading\"><strong>PLAZO DE CONSERVACI\u00d3N<\/strong>&nbsp;<\/h3>\n\n\n\n<p>Los datos personales proporcionados se conservar\u00e1n y tratar\u00e1n mientras se mantenga la relaci\u00f3n de prestaci\u00f3n de servicios y\/o productos, sin perjuicio de la posibilidad de ejercitar sus derechos en materia de protecci\u00f3n de datos (acceso, rectificaci\u00f3n, supresi\u00f3n, oposici\u00f3n, limitaci\u00f3n, portabilidad y a no ser objeto de decisiones individuales automatizadas) y durante los plazos de prescripci\u00f3n legales que sean de aplicaci\u00f3n. En este caso, se tratar\u00e1n sus datos de car\u00e1cter legal \u00fanicamente con la finalidad de acreditar el cumplimiento de las obligaciones legales o contractuales del Responsable del Tratamiento.<\/p>\n\n\n\n<p>Finalizados dichos plazos de prescripci\u00f3n, sus datos ser\u00e1n eliminados o, alternativamente, anonimizados.<\/p>\n\n\n\n<h3 class=\"wp-block-heading\"><strong>LEGITIMACI\u00d3N DEL TRATAMIENTO<\/strong><\/h3>\n\n\n\n<p>FERRAN NAVARRETE I BOMBI trata sus datos personales de acuerdo con las siguientes bases legales:&nbsp;<strong>Consentimiento del interesado<\/strong>&nbsp;(1),&nbsp;<strong>el inter\u00e9s leg\u00edtimo<\/strong>&nbsp;(2),&nbsp;<strong>la ejecuci\u00f3n de un contrato<\/strong>&nbsp;(3) y&nbsp;<strong>el cumplimiento de una obligaci\u00f3n legal aplicable al Responsable del Tratamiento<\/strong>&nbsp;(4).<\/p>\n\n\n\n<p><strong>1. El consentimiento del interesado<\/strong>&nbsp;prestado para las finalidades anteriormente descritas, que se solicitar\u00e1:<\/p>\n\n\n\n<ul class=\"wp-block-list\"><li>En el proceso de registro como cliente o en la p\u00e1gina web o mediante correo electr\u00f3nico corporativo indicado en el sitio web, con la finalidad de atender de forma adecuada las consultas y peticiones de los usuarios,<\/li><li>En el momento de enviar comunicaciones de FERRAN NAVARRETE I BOMBI.<\/li><\/ul>\n\n\n\n<p>Las solicitudes de informaci\u00f3n que nos haga llegar requieren que el interesado nos facilite de forma voluntaria y libre los datos necesarios para poder atenderle. No obstante, el interesado puede libremente negarse a facilitarnos esos datos o, posteriormente, revocar el consentimiento previamente otorgado para tratar sus datos, si bien esa negativa implicar\u00e1 la imposibilidad de que podamos atender su petici\u00f3n.<\/p>\n\n\n\n<p>El Responsable del Tratamiento enviar\u00e1 comunicaciones comerciales a los usuarios que se hayan registrado en el sitio web y que hayan otorgado su consentimiento para ello.<\/p>\n\n\n\n<p><strong>2. El Inter\u00e9s leg\u00edtimo<\/strong>&nbsp;de FERRAN NAVARRETE I BOMBI en mantener y fidelizar a sus clientes y\/o usuarios y atender mejor sus expectativas o intereses previamente manifestados, ej.: mejorar productos, gestionar solicitudes, consultas o reclamaciones, ofrecer productos similares a los contratados, informar sobre promociones etc., sin perjuicio del cumplimiento por parte de FERRAN NAVARRETE I BOMBI del resto de obligaciones relativas al env\u00edo de comunicaciones comerciales por v\u00eda electr\u00f3nica.<\/p>\n\n\n\n<p><strong>3. Ejecuci\u00f3n contractual<\/strong>&nbsp;entre FERRAN NAVARRETE I BOMBI y el usuario, tratando aquellos datos que el usuario facilite voluntariamente al Responsable del Tratamiento a trav\u00e9s del sitio web, con el fin de gestionar y prestar los productos y\/o servicios solicitados y\/o contratados, el pago, la facturaci\u00f3n y los env\u00edos.<\/p>\n\n\n\n<p><strong>4. Cumplimiento de las obligaciones legales aplicables al Responsable del Tratamiento.<\/strong><\/p>\n\n\n\n<p>FERRAN NAVARRETE I BOMBI entiende que, al facilitarnos esos datos, el interesado garantiza y se hace responsable de la veracidad, actualidad y exactitud de los mismos y que acepta y consiente expresamente en su tratamiento para las finalidades antes descritas.<\/p>\n\n\n\n<h3 class=\"wp-block-heading\"><strong>DESTINATARIOS DE CESIONES O TRANSFERENCIAS<\/strong>.<\/h3>\n\n\n\n<p>Con car\u00e1cter general, FERRAN NAVARRETE I BOMBI no ceder\u00e1 sus datos personales a terceros salvo que estemos obligados legalmente a ello o para atender a las finalidades del tratamiento.<\/p>\n\n\n\n<p>FERRAN NAVARRETE I BOMBI no realizar\u00e1 transferencias internacionales de los datos personales recabados a trav\u00e9s de este sitio web, con excepci\u00f3n de los siguientes supuestos:&nbsp;<\/p>\n\n\n\n<ul class=\"wp-block-list\"><li>Que la transferencia internacional de datos sea necesaria para la ejecuci\u00f3n de un contrato o medidas precontractuales en las que el interesado sea parte.<\/li><li>Que la transferencia internacional de datos sea necesaria por aplicaci\u00f3n de la legislaci\u00f3n vigente.<\/li><li>Que la transferencia internacional de datos tenga lugar por mediar consentimiento expreso del interesado.<\/li><li>Que la transferencia internacional de datos tenga lugar por encontrarse alojada la p\u00e1gina web en servidores ubicados fuera del Espacio Econ\u00f3mico Europeo.<\/li><\/ul>\n\n\n\n<p>En todo caso, en los supuestos en los que pueda tener lugar transferencias internacionales de datos, FERRAN NAVARRETE I BOMBI comprobar\u00e1 que el pa\u00eds importador de datos garantice un nivel adecuado de protecci\u00f3n en aplicaci\u00f3n de la normativa vigente.<\/p>\n\n\n\n<h3 class=\"wp-block-heading\"><strong>DERECHOS DE LAS PERSONAS INTERESADAS<\/strong>.<\/h3>\n\n\n\n<p>La normativa de protecci\u00f3n de datos permite que puedas ejercer ante el responsable del tratamiento tus derechos de acceso, rectificaci\u00f3n, oposici\u00f3n, supresi\u00f3n (\u201cderecho al olvido\u201d), limitaci\u00f3n del tratamiento, portabilidad y de no ser objeto de decisiones individualizadas:<\/p>\n\n\n\n<ul class=\"wp-block-list\"><li>Derecho de acceso: Permite al interesado conocer y obtener informaci\u00f3n sobre sus datos de car\u00e1cter personal sometidos a tratamiento.<\/li><li>Derecho de rectificaci\u00f3n: Permite corregir errores, modificar los datos que resulten ser inexactos o incompletos y garantizar la certeza de sus datos personales.<\/li><li>Derecho de supresi\u00f3n: Permite solicitar la eliminaci\u00f3n de sus datos personales cuando ya no sean necesarios para la ejecuci\u00f3n o prestaci\u00f3n del servicio.<\/li><li>Derecho de oposici\u00f3n: Permite al interesado que no se lleve a cabo el tratamiento de sus datos de car\u00e1cter personal o su cese, salvo motivos leg\u00edtimos o para el ejercicio o defensa de posibles reclamaciones, en cuyo caso los mantendremos bloqueados durante el plazo correspondiente.<\/li><li>Derecho de oposici\u00f3n al env\u00edo de publicidad: Los interesados podr\u00e1n oponerse al env\u00edo de comunicaciones comerciales. En ese caso puede revocar en cualquier momento su consentimiento a recibir estas notificaciones.<\/li><li>Limitaci\u00f3n del tratamiento: En determinadas circunstancias, los interesados podr\u00e1n solicitar la limitaci\u00f3n del tratamiento de sus datos, en cuyo caso \u00fanicamente se conservar\u00e1n para el ejercicio o defensa de reclamaciones.<\/li><li>Portabilidad de los datos: Las personas interesadas pueden solicitar recibir los datos que le incumban y que nos haya facilitado o que \u2013siempre que t\u00e9cnicamente sea posible\u2013 se los enviemos a otro responsable de tratamiento de su elecci\u00f3n, en un formato estructurado de uso com\u00fan y lectura mec\u00e1nica.<\/li><li>Derecho a no ser objeto de decisiones individuales automatizadas (incluida la elaboraci\u00f3n de perfiles): Las personas interesadas tienen derecho a no ser objeto de una decisi\u00f3n basada en el tratamiento automatizado que produzca efectos o afecte significativamente.<\/li><li>Posibilidad de retirar el consentimiento: El interesado tiene derecho a retirar en cualquier momento el consentimiento prestado, sin que ello afecte a la licitud del tratamiento basado en el consentimiento prestado en el momento de facilitarnos sus datos.<\/li><\/ul>\n\n\n\n<p>Si desea ejercer alguno de los derechos expuestos, rogamos que se ponga en contacto con nosotros a trav\u00e9s de los datos de contacto que aparecen en \u201cIdentificaci\u00f3n del Responsable del tratamiento de los datos personales\u201d, en el que incluya la siguiente informaci\u00f3n: Nombre y apellidos, n\u00famero de DNI, direcci\u00f3n postal y electr\u00f3nica de contacto, indicando el tipo de derecho y especificando las condiciones del mismo.<\/p>\n\n\n\n<p>Posibilidad de reclamar ante la Autoridad de Control: FERRAN NAVARRETE I BOMBI le informa igualmente del derecho que le asiste de presentar una reclamaci\u00f3n ante la Agencia Espa\u00f1ola de Protecci\u00f3n de Datos (www.agpd.es) si considera que el tratamiento no se ajusta a la normativa vigente.<\/p>\n\n\n\n<h3 class=\"wp-block-heading\"><strong>INFORMACI\u00d3N ADICIONAL<\/strong><\/h3>\n\n\n\n<p><strong>Conservaci\u00f3n de determinados datos<\/strong><\/p>\n\n\n\n<p>FERRAN NAVARRETE I BOMBI informa que, en cumplimiento de las disposiciones de la Ley 25\/2007, de 18 de octubre, de conservaci\u00f3n de datos relativos a las comunicaciones electr\u00f3nicas y a las redes p\u00fablicas de comunicaciones, deber\u00e1 proceder a retener y conservar determinados datos de tr\u00e1fico generados durante el desarrollo de las comunicaciones con la finalidad de cederlos a las autoridades legitimadas, cuando concurran las circunstancias legales en ella previstas.<\/p>\n\n\n\n<p><strong>Datos registrados<\/strong><\/p>\n\n\n\n<p>Nuestros servidores recopilan informaci\u00f3n de manera autom\u00e1tica cuando el usuario utiliza los servicios de las webs. Estos datos de registro pueden incluir la direcci\u00f3n IP, la identificaci\u00f3n del dispositivo desde el que se accede a los productos, el sistema operativo, la configuraci\u00f3n del dispositivo.<\/p>\n\n\n\n<p><strong>Medidas de seguridad<\/strong><\/p>\n\n\n\n<p>Adem\u00e1s, se&nbsp;le informa que EL TITULAR DEL SITIO WEB (Responsable del tratamiento) tiene implantadas las medidas de seguridad de \u00edndole t\u00e9cnica y organizativas necesarias para garantizar la seguridad de sus datos de car\u00e1cter personal y evitar su alteraci\u00f3n, p\u00e9rdida y tratamiento y\/o acceso no autorizado, habida cuenta del estado de la tecnolog\u00eda, la naturaleza de los datos almacenados y los riesgos a que est\u00e1n expuestos, ya provengan de la acci\u00f3n humana o del medio f\u00edsico o natural.&nbsp;Asimismo,&nbsp;se ha establecido medidas adicionales en orden a reforzar la confidencialidad e integridad de la informaci\u00f3n en su organizaci\u00f3n. Manteniendo continuamente la supervisi\u00f3n, control y evaluaci\u00f3n de los procesos para asegurar el respeto a la privacidad de los datos.<\/p>\n\n\n\n<p><strong>Modificaci\u00f3n de la Pol\u00edtica de Privacidad<\/strong><\/p>\n\n\n\n<p>La presente Pol\u00edtica de Privacidad podr\u00e1 ser modificada de acuerdo con la legislaci\u00f3n vigente en cualquier momento. No obstante, el Responsable del Tratamiento le informar\u00e1 de estos cambios siempre que los mismos tengan un impacto relevante para la protecci\u00f3n de sus datos de car\u00e1cter personal.<\/p>\n\n\n\n<p>Puede ponerse en contacto con el Responsable del Tratamiento en cualquier momento a trav\u00e9s de las direcciones postal y electr\u00f3nica indicadas en esta Pol\u00edtica de Privacidad.<\/p>\n\n\n\n<h3 class=\"wp-block-heading\"><strong>POL\u00cdTICA DE PRIVACIDAD PARA REDES SOCIALES<\/strong><\/h3>\n\n\n\n<p>La presente Pol\u00edtica de Privacidad de Redes Sociales del TITULAR DEL SITIO WEB (Responsable del tratamiento), sobre los datos personales de los usuarios al registrarse a trav\u00e9s del perfil y\/o navegar por con su usuario de red social. Al registrarse con su ID en las redes sociales, el usuario otorga su consentimiento expreso para el tratamiento de sus datos personales conforme a la actual Pol\u00edtica de Privacidad.<\/p>\n\n\n\n<p>Se informa a los usuarios que proporcionen sus datos personales con la informaci\u00f3n disponible a trav\u00e9s de su cuenta y\/o perfil del usuario en las redes sociales, que \u00e9sta es la responsable de tratamiento de datos personales que se realice, salvo que expresamente se informe de otras condiciones en un tratamiento concreto. &nbsp;<\/p>\n\n\n\n<p>De conformidad con lo establecido en la legislaci\u00f3n aplicable en materia de protecci\u00f3n de datos, EL TITULAR DEL SITIO WEB\/REDES SOCIALES respeta la privacidad de los usuarios y el secreto y seguridad de los datos personales, adoptando para ello las medidas legales, t\u00e9cnicas y organizativas necesarias para evitar la p\u00e9rdida, mal uso, alteraci\u00f3n, acceso no autorizado y robo de los datos personales facilitados, habida cuenta el estado de la tecnolog\u00eda, la naturaleza de los datos y los riesgos a los que est\u00e1n expuestos,<\/p>\n\n\n\n<p>Los datos personales de los usuarios solo se obtendr\u00e1n para ser tratados cuando sean adecuados, pertinentes y no excesivos en relaci\u00f3n con el \u00e1mbito y las finalidades para las que se hayan recabado. As\u00ed pues, se limitar\u00e1 su tratamiento a aquellas finalidades que en cada caso se hayan indicado a los Usuarios.<\/p>\n\n\n\n<p>Cuando se recaben datos personales, se informar\u00e1 previamente al usuario de forma clara e inequ\u00edvoca de las circunstancias relativas al tratamiento de sus datos, de acuerdo con las exigencias que en materia de protecci\u00f3n de datos vigentes en cada momento. Asimismo, los datos personales proporcionados se conservar\u00e1n mientras el interesado no solicite su supresi\u00f3n o rectificaci\u00f3n, no se oponga a que sus datos sigan siendo tratados o en aquellos tratamientos que requieren su autorizaci\u00f3n, no retire su consentimiento.&nbsp;<\/p>\n\n\n\n<h3 class=\"wp-block-heading\"><strong>MENORES<\/strong><\/h3>\n\n\n\n<p>El acceso y registro en la web o a trav\u00e9s de la redes sociales est\u00e1 prohibido a menores de 14 a\u00f1os. En caso de que el menor o incapaz quisiera registrarse, ser\u00e1 necesaria la intervenci\u00f3n del titular de la patria potestad o tutela del usuario o su representante legal mediante documento v\u00e1lido que acredito la representaci\u00f3n legal del usuario incapaz para el acceso.<\/p>\n\n\n\n<p>EL TITULAR DE LA WEB\/REDES SOCIALES quedar\u00e1 expresamente exonerada de cualquier responsabilidad que pudiera derivarse del uso de las redes sociales por menores o incapaces.<\/p>\n","protected":false},"excerpt":{"rendered":"<p>Por medio de este sitio web WWW.BONDORPRODUCTS.COM, se recogen datos de car\u00e1cter personal necesarios para la gesti\u00f3n y mantenimiento de algunos de nuestros servicios. Le informamos que EL TITULAR DEL SITIO WEB (Responsable del tratamiento) cumple con la Ley Org\u00e1nica 3\/2018, de 5 de diciembre, de Protecci\u00f3n de Datos Personales y garant\u00eda de los derechos &#8230; <a title=\"Pol\u00edtica de privadesa\" class=\"read-more\" href=\"https:\/\/bondorproducts.com\/ca\/politica-de-privadesa\/\" aria-label=\"M\u00e9s informaci\u00f3 sobre Pol\u00edtica de privadesa\">Read more<\/a><\/p>\n","protected":false},"author":1,"featured_media":0,"parent":0,"menu_order":0,"comment_status":"closed","ping_status":"closed","template":"","meta":{"footnotes":""},"class_list":["post-35369","page","type-page","status-publish"],"yoast_head":"<!-- This site is optimized with the Yoast SEO plugin v27.4 - https:\/\/yoast.com\/product\/yoast-seo-wordpress\/ -->\n<title>Pol\u00edtica de privadesa &#171; Bon d&#039;Or Products<\/title>\n<meta name=\"robots\" content=\"index, follow, max-snippet:-1, max-image-preview:large, max-video-preview:-1\" \/>\n<link rel=\"canonical\" href=\"https:\/\/bondorproducts.com\/ca\/politica-de-privadesa\/\" \/>\n<meta property=\"og:locale\" content=\"ca_ES\" \/>\n<meta property=\"og:type\" content=\"article\" \/>\n<meta property=\"og:title\" content=\"Pol\u00edtica de privadesa &#171; Bon d&#039;Or Products\" \/>\n<meta property=\"og:description\" content=\"Por medio de este sitio web WWW.BONDORPRODUCTS.COM, se recogen datos de car\u00e1cter personal necesarios para la gesti\u00f3n y mantenimiento de algunos de nuestros servicios. Le informamos que EL TITULAR DEL SITIO WEB (Responsable del tratamiento) cumple con la Ley Org\u00e1nica 3\/2018, de 5 de diciembre, de Protecci\u00f3n de Datos Personales y garant\u00eda de los derechos ... Read more\" \/>\n<meta property=\"og:url\" content=\"https:\/\/bondorproducts.com\/ca\/politica-de-privadesa\/\" \/>\n<meta property=\"og:site_name\" content=\"Bon d&#039;Or Products\" \/>\n<meta property=\"article:modified_time\" content=\"2021-03-14T09:10:02+00:00\" \/>\n<meta name=\"twitter:card\" content=\"summary_large_image\" \/>\n<meta name=\"twitter:label1\" content=\"Temps estimat de lectura\" \/>\n\t<meta name=\"twitter:data1\" content=\"11 minuts\" \/>\n<script type=\"application\/ld+json\" class=\"yoast-schema-graph\">{\"@context\":\"https:\\\/\\\/schema.org\",\"@graph\":[{\"@type\":\"WebPage\",\"@id\":\"https:\\\/\\\/bondorproducts.com\\\/ca\\\/politica-de-privadesa\\\/\",\"url\":\"https:\\\/\\\/bondorproducts.com\\\/ca\\\/politica-de-privadesa\\\/\",\"name\":\"Pol\u00edtica de privadesa &#171; Bon d'Or Products\",\"isPartOf\":{\"@id\":\"https:\\\/\\\/bondorproducts.com\\\/ca\\\/#website\"},\"datePublished\":\"2021-02-12T09:47:17+00:00\",\"dateModified\":\"2021-03-14T09:10:02+00:00\",\"breadcrumb\":{\"@id\":\"https:\\\/\\\/bondorproducts.com\\\/ca\\\/politica-de-privadesa\\\/#breadcrumb\"},\"inLanguage\":\"ca\",\"potentialAction\":[{\"@type\":\"ReadAction\",\"target\":[\"https:\\\/\\\/bondorproducts.com\\\/ca\\\/politica-de-privadesa\\\/\"]}]},{\"@type\":\"BreadcrumbList\",\"@id\":\"https:\\\/\\\/bondorproducts.com\\\/ca\\\/politica-de-privadesa\\\/#breadcrumb\",\"itemListElement\":[{\"@type\":\"ListItem\",\"position\":1,\"name\":\"Portada\",\"item\":\"https:\\\/\\\/bondorproducts.com\\\/ca\\\/\"},{\"@type\":\"ListItem\",\"position\":2,\"name\":\"Pol\u00edtica de privadesa\"}]},{\"@type\":\"WebSite\",\"@id\":\"https:\\\/\\\/bondorproducts.com\\\/ca\\\/#website\",\"url\":\"https:\\\/\\\/bondorproducts.com\\\/ca\\\/\",\"name\":\"Bon d'Or Products\",\"description\":\"Reactivos para el an&aacute;lisis de metales nobles\",\"publisher\":{\"@id\":\"https:\\\/\\\/bondorproducts.com\\\/ca\\\/#organization\"},\"potentialAction\":[{\"@type\":\"SearchAction\",\"target\":{\"@type\":\"EntryPoint\",\"urlTemplate\":\"https:\\\/\\\/bondorproducts.com\\\/ca\\\/?s={search_term_string}\"},\"query-input\":{\"@type\":\"PropertyValueSpecification\",\"valueRequired\":true,\"valueName\":\"search_term_string\"}}],\"inLanguage\":\"ca\"},{\"@type\":\"Organization\",\"@id\":\"https:\\\/\\\/bondorproducts.com\\\/ca\\\/#organization\",\"name\":\"Bon d'Or Products\",\"url\":\"https:\\\/\\\/bondorproducts.com\\\/ca\\\/\",\"logo\":{\"@type\":\"ImageObject\",\"inLanguage\":\"ca\",\"@id\":\"https:\\\/\\\/bondorproducts.com\\\/ca\\\/#\\\/schema\\\/logo\\\/image\\\/\",\"url\":\"https:\\\/\\\/bondorproducts.com\\\/wp-content\\\/uploads\\\/2021\\\/01\\\/logo-complet-verd.png\",\"contentUrl\":\"https:\\\/\\\/bondorproducts.com\\\/wp-content\\\/uploads\\\/2021\\\/01\\\/logo-complet-verd.png\",\"width\":2560,\"height\":1040,\"caption\":\"Bon d'Or Products\"},\"image\":{\"@id\":\"https:\\\/\\\/bondorproducts.com\\\/ca\\\/#\\\/schema\\\/logo\\\/image\\\/\"}}]}<\/script>\n<!-- \/ Yoast SEO plugin. -->","yoast_head_json":{"title":"Pol\u00edtica de privadesa &#171; Bon d'Or Products","robots":{"index":"index","follow":"follow","max-snippet":"max-snippet:-1","max-image-preview":"max-image-preview:large","max-video-preview":"max-video-preview:-1"},"canonical":"https:\/\/bondorproducts.com\/ca\/politica-de-privadesa\/","og_locale":"ca_ES","og_type":"article","og_title":"Pol\u00edtica de privadesa &#171; Bon d'Or Products","og_description":"Por medio de este sitio web WWW.BONDORPRODUCTS.COM, se recogen datos de car\u00e1cter personal necesarios para la gesti\u00f3n y mantenimiento de algunos de nuestros servicios. Le informamos que EL TITULAR DEL SITIO WEB (Responsable del tratamiento) cumple con la Ley Org\u00e1nica 3\/2018, de 5 de diciembre, de Protecci\u00f3n de Datos Personales y garant\u00eda de los derechos ... Read more","og_url":"https:\/\/bondorproducts.com\/ca\/politica-de-privadesa\/","og_site_name":"Bon d'Or Products","article_modified_time":"2021-03-14T09:10:02+00:00","twitter_card":"summary_large_image","twitter_misc":{"Temps estimat de lectura":"11 minuts"},"schema":{"@context":"https:\/\/schema.org","@graph":[{"@type":"WebPage","@id":"https:\/\/bondorproducts.com\/ca\/politica-de-privadesa\/","url":"https:\/\/bondorproducts.com\/ca\/politica-de-privadesa\/","name":"Pol\u00edtica de privadesa &#171; Bon d'Or Products","isPartOf":{"@id":"https:\/\/bondorproducts.com\/ca\/#website"},"datePublished":"2021-02-12T09:47:17+00:00","dateModified":"2021-03-14T09:10:02+00:00","breadcrumb":{"@id":"https:\/\/bondorproducts.com\/ca\/politica-de-privadesa\/#breadcrumb"},"inLanguage":"ca","potentialAction":[{"@type":"ReadAction","target":["https:\/\/bondorproducts.com\/ca\/politica-de-privadesa\/"]}]},{"@type":"BreadcrumbList","@id":"https:\/\/bondorproducts.com\/ca\/politica-de-privadesa\/#breadcrumb","itemListElement":[{"@type":"ListItem","position":1,"name":"Portada","item":"https:\/\/bondorproducts.com\/ca\/"},{"@type":"ListItem","position":2,"name":"Pol\u00edtica de privadesa"}]},{"@type":"WebSite","@id":"https:\/\/bondorproducts.com\/ca\/#website","url":"https:\/\/bondorproducts.com\/ca\/","name":"Bon d'Or Products","description":"Reactivos para el an&aacute;lisis de metales nobles","publisher":{"@id":"https:\/\/bondorproducts.com\/ca\/#organization"},"potentialAction":[{"@type":"SearchAction","target":{"@type":"EntryPoint","urlTemplate":"https:\/\/bondorproducts.com\/ca\/?s={search_term_string}"},"query-input":{"@type":"PropertyValueSpecification","valueRequired":true,"valueName":"search_term_string"}}],"inLanguage":"ca"},{"@type":"Organization","@id":"https:\/\/bondorproducts.com\/ca\/#organization","name":"Bon d'Or Products","url":"https:\/\/bondorproducts.com\/ca\/","logo":{"@type":"ImageObject","inLanguage":"ca","@id":"https:\/\/bondorproducts.com\/ca\/#\/schema\/logo\/image\/","url":"https:\/\/bondorproducts.com\/wp-content\/uploads\/2021\/01\/logo-complet-verd.png","contentUrl":"https:\/\/bondorproducts.com\/wp-content\/uploads\/2021\/01\/logo-complet-verd.png","width":2560,"height":1040,"caption":"Bon d'Or Products"},"image":{"@id":"https:\/\/bondorproducts.com\/ca\/#\/schema\/logo\/image\/"}}]}},"_links":{"self":[{"href":"https:\/\/bondorproducts.com\/ca\/wp-json\/wp\/v2\/pages\/35369","targetHints":{"allow":["GET"]}}],"collection":[{"href":"https:\/\/bondorproducts.com\/ca\/wp-json\/wp\/v2\/pages"}],"about":[{"href":"https:\/\/bondorproducts.com\/ca\/wp-json\/wp\/v2\/types\/page"}],"author":[{"embeddable":true,"href":"https:\/\/bondorproducts.com\/ca\/wp-json\/wp\/v2\/users\/1"}],"replies":[{"embeddable":true,"href":"https:\/\/bondorproducts.com\/ca\/wp-json\/wp\/v2\/comments?post=35369"}],"version-history":[{"count":2,"href":"https:\/\/bondorproducts.com\/ca\/wp-json\/wp\/v2\/pages\/35369\/revisions"}],"predecessor-version":[{"id":35478,"href":"https:\/\/bondorproducts.com\/ca\/wp-json\/wp\/v2\/pages\/35369\/revisions\/35478"}],"wp:attachment":[{"href":"https:\/\/bondorproducts.com\/ca\/wp-json\/wp\/v2\/media?parent=35369"}],"curies":[{"name":"wp","href":"https:\/\/api.w.org\/{rel}","templated":true}]}}